{"id":755,"date":"2021-08-18T07:40:59","date_gmt":"2021-08-18T07:40:59","guid":{"rendered":"https:\/\/anadoluvakfi.com\/genclik-kollari-copy\/"},"modified":"2021-11-03T09:52:45","modified_gmt":"2021-11-03T09:52:45","slug":"hakkimizda","status":"publish","type":"page","link":"https:\/\/anadoluvakfi.org\/?page_id=755","title":{"rendered":"Hakk\u0131m\u0131zda"},"content":{"rendered":"\t\t<div data-elementor-type=\"wp-page\" data-elementor-id=\"755\" class=\"elementor elementor-755\">\n\t\t\t\t\t\t<section class=\"elementor-section elementor-top-section elementor-element elementor-element-0f35f61 elementor-section-boxed elementor-section-height-default elementor-section-height-default\" data-id=\"0f35f61\" data-element_type=\"section\" data-e-type=\"section\">\n\t\t\t\t\t\t<div class=\"elementor-container elementor-column-gap-default\">\n\t\t\t\t\t<div class=\"elementor-column elementor-col-100 elementor-top-column elementor-element elementor-element-d115185\" data-id=\"d115185\" data-element_type=\"column\" data-e-type=\"column\">\n\t\t\t<div class=\"elementor-widget-wrap elementor-element-populated\">\n\t\t\t\t\t\t<div class=\"elementor-element elementor-element-d948060 elementor-widget elementor-widget-heading\" data-id=\"d948060\" data-element_type=\"widget\" data-e-type=\"widget\" data-widget_type=\"heading.default\">\n\t\t\t\t<div class=\"elementor-widget-container\">\n\t\t\t\t\t<h3 class=\"elementor-heading-title elementor-size-default\">Hakk\u0131m\u0131zda<\/h3>\t\t\t\t<\/div>\n\t\t\t\t<\/div>\n\t\t\t\t\t<\/div>\n\t\t<\/div>\n\t\t\t\t\t<\/div>\n\t\t<\/section>\n\t\t\t\t<section class=\"elementor-section elementor-top-section elementor-element elementor-element-b46978d elementor-section-boxed elementor-section-height-default elementor-section-height-default\" data-id=\"b46978d\" data-element_type=\"section\" data-e-type=\"section\">\n\t\t\t\t\t\t<div class=\"elementor-container elementor-column-gap-default\">\n\t\t\t\t\t<div class=\"elementor-column elementor-col-100 elementor-top-column elementor-element elementor-element-071669f\" data-id=\"071669f\" data-element_type=\"column\" data-e-type=\"column\">\n\t\t\t<div class=\"elementor-widget-wrap elementor-element-populated\">\n\t\t\t\t\t\t<div class=\"elementor-element elementor-element-18d8815 elementor-widget elementor-widget-text-editor\" data-id=\"18d8815\" data-element_type=\"widget\" data-e-type=\"widget\" data-widget_type=\"text-editor.default\">\n\t\t\t\t<div class=\"elementor-widget-container\">\n\t\t\t\t\t\t\t\t\t<p><\/p>\n<p><strong>ANADOLU E\u011e\u0130T\u0130M K\u00dcLT\u00dcR VE B\u0130L\u0130M VAKFI;<\/strong><\/p>\n<p><strong>1990&nbsp;<\/strong>y\u0131l\u0131nda<strong>&nbsp;Ankara Birinci Asliye Hukuk Mahkemesi\u2019nin<\/strong><strong>&nbsp;22.05.1990 Tarih ve 1990\/170 E- 351 K. Say\u0131l\u0131 ilam\u0131<\/strong>&nbsp;ile tescil edilerek<strong>&nbsp;<\/strong>kurulmu\u015ftur. Bu kurulu\u015fla, vak\u0131f medeniyeti kervan\u0131m\u0131za yeni bir kurum daha kat\u0131lm\u0131\u015ft\u0131r. Vakf\u0131m\u0131z merkez ve \u015fubelerinde, sosyal k\u00fclt\u00fcrel faaliyetlerini s\u00fcrd\u00fcrmekte, gen\u00e7lerimizin e\u011fitimine ve yeti\u015fmesine maddi manevi katk\u0131 sa\u011flamaya \u00e7al\u0131\u015fmaktad\u0131r.<\/p>\n<p>Bu kutlu yolun yolcusu Kurucular\u0131m\u0131zdan <strong>Talat NEVRUZO\u011eLU<\/strong>,&nbsp;<strong>\u00d6mer POLAT<\/strong>&nbsp;ve&nbsp;<strong>Mehmet G\u00dcNG\u00d6R<\/strong>&nbsp;ile M\u00fctevelli \u00fcyelerimizden&nbsp;<strong>Ahmet ULUSOY<\/strong>&nbsp;aram\u0131zdan ayr\u0131larak, hakk\u0131n rahmetine kavu\u015fmu\u015flard\u0131r. Kendilerine Allah&#8217;tan rahmet diliyoruz.<\/p>\n<h4 class=\"baslik\">Amac\u0131m\u0131z<\/h4>\n<p>Vakf\u0131m\u0131z\u0131n amac\u0131,&nbsp;T\u00fcrk milli k\u00fclt\u00fcr, milli ve manevi de\u011ferlerimizin korunmas\u0131 ya\u015fat\u0131lmas\u0131 ve \u00e7a\u011f\u0131n imk\u00e2nlar\u0131ndan ve \u00e7a\u011fda\u015f ara\u00e7lardan yararlanarak milli k\u00fclt\u00fcr\u00fcm\u00fcz\u00fcn ara\u015ft\u0131r\u0131lmas\u0131, zenginle\u015ftirilmesi yurt i\u00e7inde ve d\u0131\u015f\u0131nda tan\u0131t\u0131lmas\u0131d\u0131r.<\/p>\n<p>Vatan\u0131m\u0131za ve T\u00fcrk milletine ba\u011fl\u0131, d\u00fcr\u00fcst ki\u015filikli temiz ahlakl\u0131 gen\u00e7lerin yeti\u015ftirilmesi bunlara e\u011fitim ve \u00f6\u011frenim d\u00f6nemlerinde maddi ve manevi yard\u0131m ve katk\u0131lar sa\u011flamakt\u0131r.<\/p>\n<p>Gerek T\u00fcrkiye i\u00e7inde gerekse T\u00fcrkiye d\u0131\u015f\u0131nda t\u00fcm T\u00fcrk d\u00fcnyas\u0131n\u0131n k\u00fclt\u00fcr varl\u0131klar\u0131n\u0131n ara\u015ft\u0131r\u0131l\u0131p tan\u0131t\u0131lmas\u0131, yukar\u0131da say\u0131lan b\u00fct\u00fcn bu alanlarda gerekli faaliyetlerde bulunmak a\u00e7\u0131s\u0131ndan m\u00fcesseseler kurmak, kurulmu\u015f olanlar\u0131na i\u015ftirak etmek ve bunlar\u0131 desteklemek vakf\u0131n ba\u015fl\u0131ca amac\u0131d\u0131r. (Vak\u0131f Senedi Madde 3)<\/p>\n<h4><strong>Vakf\u0131m\u0131z\u0131n Misyonu<\/strong><\/h4>\n<p>Fert, toplum ve insanl\u0131\u011f\u0131n mutlulu\u011funu hedef alan, geli\u015fime a\u00e7\u0131k; tarihine, milli-manevi k\u00fclt\u00fcrel de\u011ferlerine, inan\u00e7lar\u0131na ba\u011fl\u0131, \u00f6z g\u00fcven sahibi, ilim-ak\u0131l ve hikmeti rehber edinen \u00f6rnek fertler yeti\u015ftirme, T\u00fcrk Milletinin varl\u0131k ve bekas\u0131n\u0131 samimi bir dava anlay\u0131\u015f\u0131 ile sevgi toplumuna dayal\u0131 yeni bir medeniyetin in\u015fas\u0131na rehberlik etme gayretidir.<\/p>\n<h4><strong>Vakf\u0131m\u0131z\u0131n Vizyonu<\/strong><\/h4>\n<p>Yerk\u00fcremizde insanl\u0131k maddi ve manevi bir buhran ya\u015famaktad\u0131r. \u0130nsanlar\u0131n ekseriyeti kendilerinin ve toplumlar\u0131n\u0131n \u0131st\u0131raplar\u0131na duyars\u0131z hale gelmi\u015f ve var olu\u015f gayelerini unutmu\u015flard\u0131r. Bu durum T\u00fcrk Milletinin huzurunu ve mutlulu\u011funu, M\u00fcsl\u00fcman Milletlerin ve insanl\u0131\u011f\u0131n gelece\u011fini tehdit etmektedir.<\/p>\n<p>Milletimiz ve \u0130nsanl\u0131\u011f\u0131n bu bunal\u0131mdan \u00e7\u0131k\u0131\u015f\u0131na rehberlik edecek, milli ve manevi de\u011ferlerine ba\u011fl\u0131, evrensel insani de\u011ferleri benimsemi\u015f, fedak\u00e2r, karakterli, \u015fahsiyetli fertlerin kararl\u0131 rehberli\u011fine ihtiya\u00e7 vard\u0131r. Bu rehber insanlar\u0131n yeti\u015ftirilebilmesi i\u00e7in de ayn\u0131 idealler etraf\u0131nda bir araya gelen insanlar\u0131n i\u015f birli\u011fine ihtiya\u00e7 vard\u0131r.<\/p>\n<p>Vakf\u0131m\u0131z bu idealler etraf\u0131nda birle\u015fen insanlar\u0131n, milletine \u00f6zverili bir \u015fekilde hizmet \u00fcrettikleri Vak\u0131flardan bir olarak bilinecektir.<\/p>\n<h4 class=\"baslik\">\u00c7al\u0131\u015fma Metodumuz<\/h4>\n<p>Faaliyetlerde aleniyet ve me\u015fruiyet esast\u0131r.<\/p>\n<ol>\n<li>D\u00fc\u015f\u00fcnce-fikir ve eylemlerin de\u011ferlendirilmesinde toptanc\u0131l\u0131ktan ve sloganc\u0131l\u0131ktan ka\u00e7\u0131nmak esast\u0131r.<\/li>\n<li>Ortak \u00e7al\u0131\u015fma gruplar\u0131 ile m\u00fc\u015fterek do\u011frular\u0131 y\u00fcceltmek esast\u0131r.<\/li>\n<li>Faaliyetin sonu\u00e7lar\u0131n\u0131, \u015fahsiyetleri incitmeden, yanl\u0131\u015flar\u0131 d\u00fczelterek ve do\u011frular\u0131 ortaya koyarak de\u011ferlendirmek as\u0131ld\u0131r.<\/li>\n<li>Fikir ve d\u00fc\u015f\u00fcncelerin ifade edili\u015finde do\u011fru haber, ak\u0131l ve selim hislerin rehberli\u011fi esas olup, nakli ve akli ilimlere ve k\u00fclt\u00fcr\u00fcm\u00fcze uygunluk aran\u0131r.<\/li>\n<\/ol>\n<h4 class=\"baslik\">\u0130lkelerimiz<\/h4>\n<ol>\n<li>Adalet, hukuk, insan haklar\u0131na&nbsp;ve&nbsp;ahlak ilkelerine ba\u011fl\u0131l\u0131k,<\/li>\n<li>M\u00fcspet de\u011fi\u015fim ve geli\u015fime a\u00e7\u0131k olmak,<\/li>\n<li>H\u00fcr d\u00fc\u015f\u00fcnceye dayal\u0131 i\u015fbirli\u011fine a\u00e7\u0131k olmak,&nbsp;<\/li>\n<li>Demokratik, kat\u0131l\u0131mc\u0131, aksiyoner ve kararl\u0131 olmak,<\/li>\n<li>B\u00fct\u00fcn \u00e7al\u0131\u015fmalar\u0131nda me\u015fruiyet\u00e7ili\u011fi ve aleniyeti esas almak.<\/li>\n<\/ol>\n<h4 class=\"baslik\">Hedeflerimiz<\/h4>\n<p><strong>Vakf\u0131m\u0131z\u0131n ba\u015fl\u0131ca hedefleri \u015funlard\u0131r:<\/strong><\/p>\n<ol>\n<li>Milli k\u00fclt\u00fcr ve tarihi de\u011ferlerimizi korumak, geli\u015ftirmek.<\/li>\n<li>Yard\u0131mla\u015fma ve dayan\u0131\u015fmay\u0131 sa\u011flamak<\/li>\n<li>Gen\u00e7li\u011fin milli, manevi ve tarihi k\u00fclt\u00fcr de\u011ferlerimizi ana kaynaklardan \u00f6\u011fretmek,<\/li>\n<li>D\u00fc\u015f\u00fcnce d\u00fcnyam\u0131z\u0131 bilimsel disiplin ve esaslara g\u00f6re geli\u015ftirmek.<\/li>\n<li>Ele\u015ftirel d\u00fc\u015f\u00fcnce yap\u0131s\u0131n\u0131 geli\u015ftirmek<\/li>\n<li>insanl\u0131\u011f\u0131n geli\u015fmesi ve mutlulu\u011funa katk\u0131da bulunacak sevgi toplulu\u011fu olmak.<\/li>\n<li>Etkili bir k\u00fclt\u00fcr ve fikir ekol\u00fc olmak.<\/li>\n<li>Do\u011fu ve bat\u0131 medeniyetlerini temel kaynaklar\u0131ndan tan\u0131yarak din, k\u00fclt\u00fcr ve medeniyet tarihi alan\u0131nda mukayeseli \u00e7al\u0131\u015fmalar yapmak.<\/li>\n<\/ol>\n<h4 class=\"baslik\">Anadolu E\u011fitim K\u00fclt\u00fcr ve Bilim Vakf\u0131;<\/h4>\n<p>\u0130sl\u00e2m\u2019a ba\u011fl\u0131, vatan\u0131n\u0131 ve milletini seven, milli de\u011ferlere sayg\u0131l\u0131, insani de\u011ferleri \u00f6nemseyen, g\u00fcn\u00fcm\u00fcz problemlerine \u00e7\u00f6z\u00fcm \u00fcretmeyi ama\u00e7layan, medeniyet de\u011ferlerimizi \u00f6z\u00fcmseyen, \u00e7a\u011f\u0131 okuyan nesillerin yeti\u015ftirilmesi amac\u0131yla, 1990 Y\u0131l\u0131nda Kurulmu\u015f bir sivil toplum kurulu\u015fudur.&nbsp;&nbsp;<\/p>\n<p><\/p>\n<p><\/p>\t\t\t\t\t\t\t\t<\/div>\n\t\t\t\t<\/div>\n\t\t\t\t\t<\/div>\n\t\t<\/div>\n\t\t\t\t\t<\/div>\n\t\t<\/section>\n\t\t\t\t<\/div>\n\t\t","protected":false},"excerpt":{"rendered":"<p>Hakk\u0131m\u0131zda ANADOLU E\u011e\u0130T\u0130M K\u00dcLT\u00dcR VE B\u0130L\u0130M VAKFI; 1990&nbsp;y\u0131l\u0131nda&nbsp;Ankara Birinci Asliye Hukuk Mahkemesi\u2019nin&nbsp;22.05.1990 Tarih ve 1990\/170 E- 351 K. Say\u0131l\u0131 ilam\u0131&nbsp;ile tescil edilerek&nbsp;kurulmu\u015ftur. Bu kurulu\u015fla, vak\u0131f medeniyeti kervan\u0131m\u0131za yeni bir kurum daha kat\u0131lm\u0131\u015ft\u0131r. Vakf\u0131m\u0131z merkez ve \u015fubelerinde, sosyal k\u00fclt\u00fcrel faaliyetlerini s\u00fcrd\u00fcrmekte, gen\u00e7lerimizin e\u011fitimine ve yeti\u015fmesine maddi manevi katk\u0131 sa\u011flamaya \u00e7al\u0131\u015fmaktad\u0131r. Bu kutlu yolun yolcusu Kurucular\u0131m\u0131zdan Talat [&hellip;]<\/p>\n<div class=\"pvc_clear\"><\/div>\n<p id=\"pvc_stats_755\" class=\"pvc_stats total_only  \" data-element-id=\"755\" style=\"\"><i class=\"pvc-stats-icon medium\" aria-hidden=\"true\"><svg aria-hidden=\"true\" focusable=\"false\" data-prefix=\"far\" data-icon=\"chart-bar\" role=\"img\" xmlns=\"http:\/\/www.w3.org\/2000\/svg\" viewBox=\"0 0 512 512\" class=\"svg-inline--fa fa-chart-bar fa-w-16 fa-2x\"><path fill=\"currentColor\" d=\"M396.8 352h22.4c6.4 0 12.8-6.4 12.8-12.8V108.8c0-6.4-6.4-12.8-12.8-12.8h-22.4c-6.4 0-12.8 6.4-12.8 12.8v230.4c0 6.4 6.4 12.8 12.8 12.8zm-192 0h22.4c6.4 0 12.8-6.4 12.8-12.8V140.8c0-6.4-6.4-12.8-12.8-12.8h-22.4c-6.4 0-12.8 6.4-12.8 12.8v198.4c0 6.4 6.4 12.8 12.8 12.8zm96 0h22.4c6.4 0 12.8-6.4 12.8-12.8V204.8c0-6.4-6.4-12.8-12.8-12.8h-22.4c-6.4 0-12.8 6.4-12.8 12.8v134.4c0 6.4 6.4 12.8 12.8 12.8zM496 400H48V80c0-8.84-7.16-16-16-16H16C7.16 64 0 71.16 0 80v336c0 17.67 14.33 32 32 32h464c8.84 0 16-7.16 16-16v-16c0-8.84-7.16-16-16-16zm-387.2-48h22.4c6.4 0 12.8-6.4 12.8-12.8v-70.4c0-6.4-6.4-12.8-12.8-12.8h-22.4c-6.4 0-12.8 6.4-12.8 12.8v70.4c0 6.4 6.4 12.8 12.8 12.8z\" class=\"\"><\/path><\/svg><\/i> <img decoding=\"async\" width=\"16\" height=\"16\" alt=\"Loading\" src=\"https:\/\/anadoluvakfi.org\/wp-content\/plugins\/page-views-count\/ajax-loader-2x.gif\" border=0 \/><\/p>\n<div class=\"pvc_clear\"><\/div>\n","protected":false},"author":1,"featured_media":0,"parent":0,"menu_order":0,"comment_status":"closed","ping_status":"closed","template":"","meta":{"_acf_changed":false,"_monsterinsights_skip_tracking":false,"_monsterinsights_sitenote_active":false,"_monsterinsights_sitenote_note":"","_monsterinsights_sitenote_category":0,"footnotes":""},"class_list":["post-755","page","type-page","status-publish","hentry"],"acf":[],"aioseo_notices":[],"wpmagazine_modules_lite_featured_media_urls":{"thumbnail":"","cvmm-medium":"","cvmm-medium-plus":"","cvmm-portrait":"","cvmm-medium-square":"","cvmm-large":"","cvmm-small":"","full":""},"categories_names":null,"comments_number":"0","_links":{"self":[{"href":"https:\/\/anadoluvakfi.org\/index.php?rest_route=\/wp\/v2\/pages\/755","targetHints":{"allow":["GET"]}}],"collection":[{"href":"https:\/\/anadoluvakfi.org\/index.php?rest_route=\/wp\/v2\/pages"}],"about":[{"href":"https:\/\/anadoluvakfi.org\/index.php?rest_route=\/wp\/v2\/types\/page"}],"author":[{"embeddable":true,"href":"https:\/\/anadoluvakfi.org\/index.php?rest_route=\/wp\/v2\/users\/1"}],"replies":[{"embeddable":true,"href":"https:\/\/anadoluvakfi.org\/index.php?rest_route=%2Fwp%2Fv2%2Fcomments&post=755"}],"version-history":[{"count":17,"href":"https:\/\/anadoluvakfi.org\/index.php?rest_route=\/wp\/v2\/pages\/755\/revisions"}],"predecessor-version":[{"id":4142,"href":"https:\/\/anadoluvakfi.org\/index.php?rest_route=\/wp\/v2\/pages\/755\/revisions\/4142"}],"wp:attachment":[{"href":"https:\/\/anadoluvakfi.org\/index.php?rest_route=%2Fwp%2Fv2%2Fmedia&parent=755"}],"curies":[{"name":"wp","href":"https:\/\/api.w.org\/{rel}","templated":true}]}}